{"id":1762,"date":"2023-01-24T02:48:33","date_gmt":"2023-01-23T23:48:33","guid":{"rendered":"http:\/\/www.akademikidea.org\/a-kitap\/?page_id=1762"},"modified":"2025-11-20T18:08:28","modified_gmt":"2025-11-20T15:08:28","slug":"uyelik","status":"publish","type":"page","link":"https:\/\/www.akademikidea.org\/a-kitap\/akademikidea\/uyelik\/","title":{"rendered":"\u00dcyelik"},"content":{"rendered":"<p class=\"CDt4Ke zfr3Q\" dir=\"ltr\"><span style=\"font-family: century gothic; font-size: medium;\">Geleneksel \u00f6rg\u00fct \u00fcyeliklerinin tersine, <strong><span style=\"color: #0f7996; font-family: century gothic; font-size: medium;\">akademik<\/span><span style=\"color: #33cccc; font-family: 'century gothic'; font-size: medium;\">idea<span class=\"idea\" style=\"color: #000000;\">\u00ae<\/span><\/span><\/strong> \u00fcyeli\u011fi, \u00fcstlenilen <strong>Sorumluluk ve <\/strong><strong>Y<\/strong><strong>\u00fck\u00fcml\u00fcl\u00fckler<\/strong> kar\u015f\u0131l\u0131\u011f\u0131nda \u00fcyelerine her hangi maddi bir getiri sa\u011flamaz.<\/span><\/p>\n<p class=\"CDt4Ke zfr3Q\" dir=\"ltr\"><span style=\"font-family: century gothic; font-size: medium;\">Bir <span class=\" aw5Odc\"><a class=\"XqQF9c\" href=\"https:\/\/youtube.com\/clip\/UgkxjGXs8HbFWVlcixYwrbzWKSWcwPJ4qCVE\" target=\"_blank\" rel=\"noopener\"><span style=\"font-family: century gothic; font-size: medium;\">imece<\/span><\/a> toplulu\u011fu olan <strong><span style=\"color: #0f7996; font-family: century gothic; font-size: medium;\">akademik<\/span><span style=\"color: #33cccc; font-family: 'century gothic'; font-size: medium;\">idea<span class=\"idea\" style=\"color: #000000;\">\u00ae<\/span><\/span><\/strong>, \u00f6rg\u00fctlenme ve y\u00f6netim bi\u00e7imi ile temel amac\u0131, de\u011ferleri ve ilkelerinin zorunlu bir sonucu olarak, \u00a0\u00fcyelerine her hangi bir ayr\u0131cal\u0131k ya da\u00a0 maddi yarar sa\u011flamaz; \u00fcyelerinin de, verdikleri katk\u0131dan alacaklar\u0131 manevi haz d\u0131\u015f\u0131nda bir beklentileri yoktur.<\/span><\/span><\/p>\n<p class=\"CDt4Ke zfr3Q\" dir=\"ltr\"><span style=\"font-family: century gothic; font-size: medium;\"><strong>\u00dcyeli\u011fe Ba\u015fvuru ve Kabul<\/strong><\/span><\/p>\n<p class=\"CDt4Ke zfr3Q\" dir=\"ltr\"><span style=\"font-family: century gothic; font-size: medium;\"><a href=\"https:\/\/www.akademikidea.org\/a-kitap\/akademikidea\/topluluk-ilkeleri\/\">Toplulu\u011fun temel amac\u0131, de\u011ferleri ve ilkeleri<\/a>ni benimseyen her meslekten kendi alan\u0131nda uzmanl\u0131\u011f\u0131 kan\u0131tlanm\u0131\u015f ki\u015filerin \u00fcyelik ba\u015fvurusu,<\/span><\/p>\n<ul class=\"n8H08c UVNKR\">\n<li class=\"TYR86d zfr3Q\" dir=\"ltr\">\n<p class=\"CDt4Ke zfr3Q\" dir=\"ltr\"><span style=\"font-family: century gothic; font-size: medium;\">topluluk \u00fcyelerinden en az birisi taraf\u0131ndan, <a class=\"XqQF9c rXJpyf\" href=\"https:\/\/docs.google.com\/forms\/d\/e\/1FAIpQLSeDZop7IVsS5q3_kf9EQ5mRnt4QJoLDpXVKms04Sb9y0bR9Rg\/viewform\" target=\"_blank\" rel=\"noopener\"><strong>\u00dcye Teklif Formu<\/strong><\/a> kullan\u0131larak yap\u0131labilir ve<\/span><\/p>\n<\/li>\n<li class=\"TYR86d zfr3Q\" dir=\"ltr\">\n<p class=\"CDt4Ke zfr3Q\" dir=\"ltr\"><span style=\"font-family: century gothic; font-size: medium;\">topluluk onay\u0131 ile<\/span><\/p>\n<\/li>\n<\/ul>\n<p class=\"CDt4Ke zfr3Q\" dir=\"ltr\"><span style=\"font-family: century gothic; font-size: medium;\">kabul edilebilir.<\/span><\/p>\n<p class=\"CDt4Ke zfr3Q\" dir=\"ltr\"><span style=\"font-family: century gothic; font-size: medium;\">Y\u00f6netim, \u00fcyelik teklifini, topluluk \u00fcyelerinin onay\u0131na sunar. Topluluk \u00fcyelerinden her hangi biri, yap\u0131lan \u00fcyelik teklifine, iki hafta i\u00e7inde yaz\u0131l\u0131 bir itirazda bulunmam\u0131\u015fsa, s\u00f6z konusu ki\u015finin \u00fcyeli\u011fi topluluk taraf\u0131ndan onaylanm\u0131\u015f olur. \u0130tirazda bulunulmu\u015f ise; y\u00f6netim, toplulu\u011fu bilgilendirir ve \u00fcyelik ba\u015fvurusu, toplulu\u011fun salt \u00e7o\u011funlukla alaca\u011f\u0131 karara g\u00f6re sonu\u00e7land\u0131r\u0131l\u0131r.<\/span><\/p>\n<p class=\"CDt4Ke zfr3Q\" dir=\"ltr\"><span style=\"font-family: century gothic; font-size: medium;\"><strong>\u00dcyeli\u011f<\/strong><strong>in Sona Ermesi<\/strong><\/span><\/p>\n<p class=\"CDt4Ke zfr3Q\" dir=\"ltr\"><span style=\"font-family: century gothic; font-size: medium;\">Y\u00f6netime yaz\u0131l\u0131 bildirimde bulunarak \u00fcyelikten her zaman \u00e7\u0131k\u0131labilir.<\/span><\/p>\n<p class=\"CDt4Ke zfr3Q\" dir=\"ltr\"><span style=\"font-family: century gothic; font-size: medium;\">Sorumluluk ve y\u00fck\u00fcml\u00fcl\u00fcklerini yerine getirmemekte \u0131srar edenlerin \u00fcyelikleri, toplulu\u011fun salt \u00e7o\u011funlukla alaca\u011f\u0131 bir kararla sonland\u0131r\u0131l\u0131r.<\/span><\/p>\n","protected":false},"excerpt":{"rendered":"<p>Geleneksel \u00f6rg\u00fct \u00fcyeliklerinin tersine, akademikidea\u00ae \u00fcyeli\u011fi, \u00fcstlenilen Sorumluluk ve Y\u00fck\u00fcml\u00fcl\u00fckler kar\u015f\u0131l\u0131\u011f\u0131nda \u00fcyelerine her hangi maddi bir getiri sa\u011flamaz. Bir imece toplulu\u011fu olan akademikidea\u00ae, \u00f6rg\u00fctlenme ve y\u00f6netim bi\u00e7imi ile temel amac\u0131, de\u011ferleri ve ilkelerinin zorunlu bir sonucu olarak, \u00a0\u00fcyelerine her hangi bir ayr\u0131cal\u0131k ya da\u00a0 maddi yarar sa\u011flamaz; \u00fcyelerinin de, verdikleri katk\u0131dan alacaklar\u0131 manevi haz d\u0131\u015f\u0131nda&#8230;<\/p>\n","protected":false},"author":4,"featured_media":0,"parent":470,"menu_order":0,"comment_status":"closed","ping_status":"closed","template":"","meta":{"footnotes":""},"class_list":["post-1762","page","type-page","status-publish","hentry"],"_links":{"self":[{"href":"https:\/\/www.akademikidea.org\/a-kitap\/wp-json\/wp\/v2\/pages\/1762","targetHints":{"allow":["GET"]}}],"collection":[{"href":"https:\/\/www.akademikidea.org\/a-kitap\/wp-json\/wp\/v2\/pages"}],"about":[{"href":"https:\/\/www.akademikidea.org\/a-kitap\/wp-json\/wp\/v2\/types\/page"}],"author":[{"embeddable":true,"href":"https:\/\/www.akademikidea.org\/a-kitap\/wp-json\/wp\/v2\/users\/4"}],"replies":[{"embeddable":true,"href":"https:\/\/www.akademikidea.org\/a-kitap\/wp-json\/wp\/v2\/comments?post=1762"}],"version-history":[{"count":6,"href":"https:\/\/www.akademikidea.org\/a-kitap\/wp-json\/wp\/v2\/pages\/1762\/revisions"}],"predecessor-version":[{"id":2572,"href":"https:\/\/www.akademikidea.org\/a-kitap\/wp-json\/wp\/v2\/pages\/1762\/revisions\/2572"}],"up":[{"embeddable":true,"href":"https:\/\/www.akademikidea.org\/a-kitap\/wp-json\/wp\/v2\/pages\/470"}],"wp:attachment":[{"href":"https:\/\/www.akademikidea.org\/a-kitap\/wp-json\/wp\/v2\/media?parent=1762"}],"curies":[{"name":"wp","href":"https:\/\/api.w.org\/{rel}","templated":true}]}}